{"id":875,"date":"2014-02-20T11:58:51","date_gmt":"2014-02-20T10:58:51","guid":{"rendered":"http:\/\/deserteursdenkmal.at\/wordpress\/?page_id=875"},"modified":"2023-03-31T09:42:18","modified_gmt":"2023-03-31T07:42:18","slug":"impressum","status":"publish","type":"page","link":"https:\/\/deserteursdenkmal.at\/wordpress\/impressum\/","title":{"rendered":"Impressum"},"content":{"rendered":"<div>\n<h1>Information gem\u00e4\u00df Par. 5 ECG und Nutzungsbedingungen<\/h1>\n<\/div>\n<p>Der Verein Personenkomitee \u00bbGerechtigkeit f\u00fcr die Opfer der NS-Milit\u00e4rjustiz\u00ab ist Inhaber der Website www.deserteursdenkmal.at und f\u00fcr deren Inhalt verantwortlich. S\u00e4mtliche Dienstleistungen dieser Publikation, wie sie im Moment ist, werden ohne jegliche Garantien zur Verf\u00fcgung gestellt.<\/p>\n<p>Diese Publikation enth\u00e4lt Verweise auf Websites Dritter. Der Inhaber der Website www.deserteursdenkmal.at zeichnet nicht f\u00fcr die Genauigkeit und Richtigkeit der dort bereitgestellten Informationen, Daten, Meinungen, Ratschl\u00e4ge oder Stellungnahmen oder f\u00fcr die Qualit\u00e4t irgendwelcher Produkte oder Dienstleistungen verantwortlich. Es wird keine Verantwortung f\u00fcr den Inhalt oder die Nutzung solcher Websites \u00fcbernommen.<\/p>\n<p>Danken f\u00fcr vielf\u00e4ltige Unterst\u00fctzung m\u00f6chte das Personenkomitee \u00bbGerechtigkeit f\u00fcr die Opfer der NS-Milit\u00e4rjustiz\u00ab folgenden Personen: Lina Bibaric, Christiane Botzet, Werner Bundschuh, Mathias Lichtenwagner, Meinrad Pichler, Lars Skowronski, Richard und Linde Wadani sowie f\u00fcr die besondere Unterst\u00fctzung der Stiftung Denkmal f\u00fcr die ermordeten Juden Europas (Berlin), den Landesarchiven in Vorarlberg und im Burgenland, der Stiftung Gedenkst\u00e4tten Sachsen-Anhalt \u2013 Gedenkst\u00e4tte ROTER OCHSE Halle(Saale), der Gedenkst\u00e4tte Deutscher Widerstand und dem Bundesarchiv Bern.<br \/>\n<strong><br \/>\n\u00a9 Texte, Bilder, Darstellungen (wenn nicht anders vermerkt):<\/strong>\u00a0Verein Personenkomitee \u00bbGerechtigkeit f\u00fcr die Opfer der NS-Milit\u00e4rjustiz\u00ab<\/p>\n<p><strong>\u00a9 Alle Texte <\/strong>[ausgen. \u00d6sterreichische Gedenkinitiativen\/Bad Eisenkappel\/\u017delezna Kapla] &amp; Verfolgungsorte Dr. Magnus Koch<\/p>\n<p><strong>Homepage &#8211; Design, Konzept, Realisation:<br \/>\n<\/strong>Mag. Lina Bibaric<\/p>\n<p><strong>Systemadministration:<br \/>\n<\/strong>Mag. Matthias Kopp<\/p>\n<address><strong>Verein Personenkomitee \u00bbGerechtigkeit f\u00fcr die Opfer der NS-Milit\u00e4rjustiz\u00ab<\/strong><br \/>\nZVR-Zahl: 073430322<br \/>\nThomas Geldmacher und Hannes Metzler<br \/>\nMaurer Lange Gasse 15\/2<br \/>\n1230 Wien, \u00d6sterreich<br \/>\nE-Mail: geldmacher@pk-deserteure.at und metzler@pk-deserteure.at<\/address>\n<address>\u00a0<\/address>\n<address><strong>Bankverbindung:<\/strong><br \/>\nVerein Personenkomitee \u00bbGerechtigkeit f\u00fcr die Opfer der NS-Milit\u00e4rjustiz\u00ab<br \/>\nErste Bank<br \/>\nKontonummer: 29034028300<br \/>\nBankleitzahl: 20111<br \/>\nBIC: GIBAATWW<br \/>\nIBAN: AT342011129034028300<\/address>\n<p><strong>Finanzielle Unterst\u00fctzung erhielt dieses Homepage- und Vermittlungsprojekt von:<\/strong><\/p>\n<p><a href=\"http:\/\/www.zukunftsfonds-austria.at\/\"><img loading=\"lazy\" class=\"alignleft size-large wp-image-2537\" src=\"http:\/\/deserteursdenkmal.at\/wordpress\/wp-content\/uploads\/2014\/02\/logo-zukunftsfonds-1024x269.jpg\" alt=\"logo_zukunftsfonds\" width=\"584\" height=\"153\" srcset=\"https:\/\/deserteursdenkmal.at\/wordpress\/wp-content\/uploads\/2014\/02\/logo-zukunftsfonds-1024x269.jpg 1024w, https:\/\/deserteursdenkmal.at\/wordpress\/wp-content\/uploads\/2014\/02\/logo-zukunftsfonds-300x78.jpg 300w, https:\/\/deserteursdenkmal.at\/wordpress\/wp-content\/uploads\/2014\/02\/logo-zukunftsfonds-500x131.jpg 500w, https:\/\/deserteursdenkmal.at\/wordpress\/wp-content\/uploads\/2014\/02\/logo-zukunftsfonds.jpg 1342w\" sizes=\"(max-width: 584px) 100vw, 584px\" \/><\/a><\/p>\n<p><a href=\"https:\/\/www.bmbf.gv.at\/\"><img loading=\"lazy\" class=\"alignleft size-large wp-image-2538\" src=\"http:\/\/deserteursdenkmal.at\/wordpress\/wp-content\/uploads\/2014\/02\/bmbf-logo-1024x375.jpg\" alt=\"logo_bmbf\" width=\"584\" height=\"213\" srcset=\"https:\/\/deserteursdenkmal.at\/wordpress\/wp-content\/uploads\/2014\/02\/bmbf-logo-1024x375.jpg 1024w, https:\/\/deserteursdenkmal.at\/wordpress\/wp-content\/uploads\/2014\/02\/bmbf-logo-300x109.jpg 300w, https:\/\/deserteursdenkmal.at\/wordpress\/wp-content\/uploads\/2014\/02\/bmbf-logo-500x183.jpg 500w\" sizes=\"(max-width: 584px) 100vw, 584px\" \/><\/a><\/p>\n<p><a href=\"https:\/\/de.nationalfonds.org\/\"><img loading=\"lazy\" class=\"alignleft size-large wp-image-2539\" src=\"http:\/\/deserteursdenkmal.at\/wordpress\/wp-content\/uploads\/2014\/02\/Nationalfonds-Logo-1024x102.jpg\" alt=\"logo_nationalfonds\" width=\"584\" height=\"58\" srcset=\"https:\/\/deserteursdenkmal.at\/wordpress\/wp-content\/uploads\/2014\/02\/Nationalfonds-Logo-1024x102.jpg 1024w, https:\/\/deserteursdenkmal.at\/wordpress\/wp-content\/uploads\/2014\/02\/Nationalfonds-Logo-300x30.jpg 300w, https:\/\/deserteursdenkmal.at\/wordpress\/wp-content\/uploads\/2014\/02\/Nationalfonds-Logo-500x50.jpg 500w\" sizes=\"(max-width: 584px) 100vw, 584px\" \/><\/a><\/p>\n<p><a href=\"https:\/\/www.wien.gv.at\/kultur\/abteilung\/\"><img loading=\"lazy\" class=\"alignleft size-large wp-image-2589\" src=\"http:\/\/deserteursdenkmal.at\/wordpress\/wp-content\/uploads\/2014\/02\/1335947476694-1024x316.jpg\" alt=\"logo_wien-Kultur_MA7\" width=\"584\" height=\"180\" srcset=\"https:\/\/deserteursdenkmal.at\/wordpress\/wp-content\/uploads\/2014\/02\/1335947476694-1024x316.jpg 1024w, https:\/\/deserteursdenkmal.at\/wordpress\/wp-content\/uploads\/2014\/02\/1335947476694-300x92.jpg 300w, https:\/\/deserteursdenkmal.at\/wordpress\/wp-content\/uploads\/2014\/02\/1335947476694-500x154.jpg 500w, https:\/\/deserteursdenkmal.at\/wordpress\/wp-content\/uploads\/2014\/02\/1335947476694.jpg 1181w\" sizes=\"(max-width: 584px) 100vw, 584px\" \/><\/a><\/p>\n ","protected":false},"excerpt":{"rendered":"<p>Information gem\u00e4\u00df Par. 5 ECG und Nutzungsbedingungen Der Verein Personenkomitee \u00bbGerechtigkeit f\u00fcr die Opfer der NS-Milit\u00e4rjustiz\u00ab ist Inhaber der Website www.deserteursdenkmal.at und f\u00fcr deren Inhalt verantwortlich. S\u00e4mtliche Dienstleistungen dieser Publikation, wie sie im Moment ist, werden ohne jegliche Garantien zur &hellip; <a href=\"https:\/\/deserteursdenkmal.at\/wordpress\/impressum\/\">Weiterlesen <span class=\"meta-nav\">&rarr;<\/span><\/a><\/p>\n","protected":false},"author":1,"featured_media":0,"parent":0,"menu_order":0,"comment_status":"closed","ping_status":"closed","template":"","meta":[],"categories":[],"tags":[],"_links":{"self":[{"href":"https:\/\/deserteursdenkmal.at\/wordpress\/wp-json\/wp\/v2\/pages\/875"}],"collection":[{"href":"https:\/\/deserteursdenkmal.at\/wordpress\/wp-json\/wp\/v2\/pages"}],"about":[{"href":"https:\/\/deserteursdenkmal.at\/wordpress\/wp-json\/wp\/v2\/types\/page"}],"author":[{"embeddable":true,"href":"https:\/\/deserteursdenkmal.at\/wordpress\/wp-json\/wp\/v2\/users\/1"}],"replies":[{"embeddable":true,"href":"https:\/\/deserteursdenkmal.at\/wordpress\/wp-json\/wp\/v2\/comments?post=875"}],"version-history":[{"count":39,"href":"https:\/\/deserteursdenkmal.at\/wordpress\/wp-json\/wp\/v2\/pages\/875\/revisions"}],"predecessor-version":[{"id":4975,"href":"https:\/\/deserteursdenkmal.at\/wordpress\/wp-json\/wp\/v2\/pages\/875\/revisions\/4975"}],"wp:attachment":[{"href":"https:\/\/deserteursdenkmal.at\/wordpress\/wp-json\/wp\/v2\/media?parent=875"}],"wp:term":[{"taxonomy":"category","embeddable":true,"href":"https:\/\/deserteursdenkmal.at\/wordpress\/wp-json\/wp\/v2\/categories?post=875"},{"taxonomy":"post_tag","embeddable":true,"href":"https:\/\/deserteursdenkmal.at\/wordpress\/wp-json\/wp\/v2\/tags?post=875"}],"curies":[{"name":"wp","href":"https:\/\/api.w.org\/{rel}","templated":true}]}}