{"id":4233,"date":"2017-01-08T22:54:18","date_gmt":"2017-01-08T21:54:18","guid":{"rendered":"http:\/\/deserteursdenkmal.at\/wordpress\/?page_id=4233"},"modified":"2020-04-21T08:28:51","modified_gmt":"2020-04-21T06:28:51","slug":"materialien","status":"publish","type":"page","link":"https:\/\/deserteursdenkmal.at\/wordpress\/materialien\/","title":{"rendered":"Materialien"},"content":{"rendered":"<p><a href=\"http:\/\/deserteursdenkmal.at\/wordpress\/wp-content\/uploads\/2014\/02\/Deutsch_Denkmal_WIEN_web.pdf\"><img loading=\"lazy\" class=\"alignleft size-medium wp-image-2838\" alt=\"faltblatt_dt\" src=\"http:\/\/deserteursdenkmal.at\/wordpress\/wp-content\/uploads\/2015\/11\/faltblatt_dt-156x300.png\" width=\"156\" height=\"300\" srcset=\"https:\/\/deserteursdenkmal.at\/wordpress\/wp-content\/uploads\/2015\/11\/faltblatt_dt-156x300.png 156w, https:\/\/deserteursdenkmal.at\/wordpress\/wp-content\/uploads\/2015\/11\/faltblatt_dt.png 385w\" sizes=\"(max-width: 156px) 100vw, 156px\" \/><\/a><a href=\"http:\/\/deserteursdenkmal.at\/wordpress\/wp-content\/uploads\/2014\/02\/Deutsch_Denkmal_WIEN_web.pdf\"><strong>Faltblatt &#8220;Das Denkmal f\u00fcr die Verfolgten der NS-Milit\u00e4rjustiz in Wien&#8221; auf Deutsch.<\/strong><\/a><\/p>\n<p><a href=\"http:\/\/deserteursdenkmal.at\/wordpress\/wp-content\/uploads\/2014\/02\/Englisch_Denkmal_WIEN_web.pdf\"><strong>Faltblatt &#8220;Das Denkmal f\u00fcr die Verfolgten der NS-Milit\u00e4rjustiz in Wien&#8221; auf English.<\/strong><\/a><\/p>\n<p><strong>Bezugsm\u00f6glichkeiten: <\/strong>Die in deutsch und englisch vorliegende Informationsbrosch\u00fcre zum Denkmal kann u.a. auch \u00fcber das <a href=\"https:\/\/www.wien.gv.at\/buergerdienst\/stadtinfo\/\" target=\"_blank\">Stadtinformationszentrum i<\/a>m Wiener Rathaus, das <a href=\"http:\/\/www.doew.at\/\" target=\"_blank\">Dokumentationsarchiv des \u00f6sterreichischen Widerstands<\/a>, die <a href=\"https:\/\/www.onb.ac.at\/\" target=\"_blank\">\u00d6sterreichische Nationalbibliothek<\/a>, das <a href=\"https:\/\/www.wien.gv.at\/kultur\/archiv\/\" target=\"_blank\">Wiener Stadt- und Landesarchiv<\/a>, das <a href=\"http:\/\/www.mkoe.at\/angebote-projekte\/vermittlungsprojekt-denk-mal-wien\" target=\"_blank\">Mauthausenkomitee \u00d6sterreich<\/a>, die Informationszentren von <a href=\"https:\/\/www.wien.info\/de\/de\/reiseinfos\/tourist-info\" target=\"_blank\">WienTourismus<\/a>, \u00fcber die <a href=\"http:\/\/www.koer.or.at\/\" target=\"_blank\">Kunst im \u00f6ffentlichen Raum<\/a> (K\u00d6R) sowie \u00fcber die dem Denkmal jeweils direkt gegen\u00fcberliegende <a href=\"http:\/\/www.bundespraesident.at\/\" target=\"_blank\">Pr\u00e4sidentschaftskanzlei<\/a> in der Hofburg und das <a href=\"https:\/\/www.bka.gv.at\/besuchen-sie-uns\" target=\"_blank\">Bundeskanzleramt i<\/a>n gedruckter Form bezogen werden. Derzeit setzt sich das Personenkomitee auch f\u00fcr eine Box mit Flyern am Denkmal selbst ein.<\/p>\n<p><strong>F\u00fchrungen,<\/strong> die das Denkmal f\u00fcr die Verfolgten der NS-Milit\u00e4rjustiz mit einbeziehen, k\u00f6nnen beim <a href=\"www.mkoe.at\" target=\"_blank\">Mauthausenkomitee \u00d6sterreich<\/a>, bei den <a href=\"www.guides-in-vienna.at\" target=\"_blank\">Fremdenf\u00fchrerInnen von <em>Guides in Vienna <\/em><\/a>sowie \u00fcber das <a href=\"http:\/\/www.doew.at\/\" target=\"_blank\">Dokumentationsarchiv des \u00f6sterreichischen Widerstands<\/a> gebucht werden.<\/p>\n<p><strong>Materialien zur politisch-historischen Bildung<\/strong><\/p>\n<p>Im folgenden stellen wir thematische Vertiefungen der\u00a0<a href=\"http:\/\/deserteursdenkmal.at\/wordpress\/verfolgte\/\">Fallgeschichten<\/a>\u00a0verfolgter Soldaten und Zivilisten f\u00fcr die Bildungsarbeit zur Verf\u00fcgung. Das Material ist gedacht f\u00fcr historisch Interessierte im Allgemeinen und ebenso als Handreichungen f\u00fcr LehrerInnen zur Vorbereitung des Unterrichts oder f\u00fcr Exkursionen zum Denkmal. Ausgearbeitet wurden Biografien von Menschen aus allen Teilen \u00d6sterreichs und zudem von Angeh\u00f6rigen regionaler Minderheiten sowie europ\u00e4ischer Widerstandsbewegungen, die von Wehrmachtgerichten verfolgt wurden. Ziel der Auseinandersetzung mit den Materialien ist es,<\/p>\n<ul>\n<li>historisches Wissen \u00fcber die Zeit des Nationalsozialismus und seine Nachgeschichte in der Zweiten Republik zu vermitteln<\/li>\n<li>die Bedeutung individueller Freiheitsrechte und demokratischer Grundwerte f\u00fcr jedeN Einzeln herauszustellen \u2013 damals wie heute<\/li>\n<li>und im Zusammenenhang damit die Leistungen und Leiden derer zu w\u00fcrdigen, die \u2013 aus welchen Gr\u00fcnden auch immer \u2013 Widerstand leisteten oder f\u00fcr sich Freir\u00e4ume jenseits der herrschenden Normen reklamierten.<\/li>\n<\/ul>\n<p>Angestrebt wird \u2013 entlang der im Lehrplan der Allgemeinbildenden H\u00f6heren Schulen formulierten Prinzipien \u2013 \u00bbein an den Menschenrechten orientiertes Politik-und Demokratieverst\u00e4ndnis zu erarbeiten\u00ab.<\/p>\n<h2><span style=\"color: #c29a3d;\">\u2192 DOWNLOADS<\/span><\/h2>\n<p><span style=\"color: #000000;\"><strong><span style=\"color: #000000;\"><br \/>\nP\u00e4dagogische Materialien\/ ausf\u00fchrliche biografische Informationen zu den Verfolgten der NS-Milit\u00e4rjustiz<\/span><\/strong><\/span><\/p>\n<p><strong style=\"color: #000000; font-style: normal;\"><a style=\"font-style: normal; font-weight: normal;\" title=\"Thematische Einf\u00fchrung mit p\u00e4dagogischen und didaktischen Handreichungen zum Material\" href=\"http:\/\/deserteursdenkmal.at\/wordpress\/wp-content\/uploads\/2014\/06\/P\u00e4dagogisch-didaktische-Handreichungen1.pdf\">Thematische Einf\u00fchrung mit p\u00e4dagogischen und didaktischen Handreichungen<\/a><\/strong><\/p>\n<p><a href=\"http:\/\/deserteursdenkmal.at\/wordpress\/wp-content\/uploads\/2014\/02\/Richard_Wien_1938.jpg\"><img loading=\"lazy\" class=\" wp-image-3454  alignleft\" alt=\"Richard Wadani, 1938. Quelle: Privat\" src=\"http:\/\/deserteursdenkmal.at\/wordpress\/wp-content\/uploads\/2014\/02\/Richard_Wien_1938-150x150.jpg\" width=\"50\" height=\"50\" \/><\/a><a href=\"http:\/\/deserteursdenkmal.at\/wordpress\/wp-content\/uploads\/2017\/01\/Richard-Wadani-Fallgeschichte-und-Dokumente.pdf\">Richard Wadani Fallgeschichte und Dokumente<\/a> (PDF)<\/p>\n<p><a style=\"font-style: normal; font-weight: normal;\" href=\"http:\/\/deserteursdenkmal.at\/wordpress\/wp-content\/uploads\/2014\/06\/Richard-Wadani-Fallgeschichte-und-Dokumente1.pdf\"><br \/>\n<\/a><br \/>\n<a href=\"http:\/\/deserteursdenkmal.at\/wordpress\/wp-content\/uploads\/2014\/02\/Wituska-Kacprzyk2.png\"><img loading=\"lazy\" class=\" wp-image-3465 alignleft\" alt=\"Maria Kacprzyk und Maria Wituska, um 1940.  Quellen: Privatarchiv Maria Kacprzyk, Danzig sowie Universytecka w Warszawie \" src=\"http:\/\/deserteursdenkmal.at\/wordpress\/wp-content\/uploads\/2014\/02\/Wituska-Kacprzyk2-150x150.png\" width=\"50\" height=\"50\" srcset=\"https:\/\/deserteursdenkmal.at\/wordpress\/wp-content\/uploads\/2014\/02\/Wituska-Kacprzyk2-150x150.png 150w, https:\/\/deserteursdenkmal.at\/wordpress\/wp-content\/uploads\/2014\/02\/Wituska-Kacprzyk2-300x295.png 300w, https:\/\/deserteursdenkmal.at\/wordpress\/wp-content\/uploads\/2014\/02\/Wituska-Kacprzyk2-304x300.png 304w, https:\/\/deserteursdenkmal.at\/wordpress\/wp-content\/uploads\/2014\/02\/Wituska-Kacprzyk2.png 480w\" sizes=\"(max-width: 50px) 100vw, 50px\" \/><\/a><a href=\"http:\/\/deserteursdenkmal.at\/wordpress\/wp-content\/uploads\/2014\/06\/Maria-Kacprzyk-Krystyna-Wituska-Fallgeschichte-und-Dokumente1.pdf\">Fallgeschichte und Dokumente zu Maria Kacprzyk und Krystyna Wituska (Polen), verurteilt wegen Spionage und Feindbeg\u00fcnstigung<\/a>\u00a0(PDF)<\/p>\n<p>&nbsp;<\/p>\n<p><a style=\"font-weight: 300;\" href=\"http:\/\/deserteursdenkmal.at\/wordpress\/wp-content\/uploads\/2014\/02\/1.-Foto-Margarete-und-Anton-Tischler_Z.jpg\"><img loading=\"lazy\" class=\" wp-image-3459 alignleft\" alt=\"\" src=\"http:\/\/deserteursdenkmal.at\/wordpress\/wp-content\/uploads\/2014\/02\/1.-Foto-Margarete-und-Anton-Tischler_Z-150x150.jpg\" width=\"50\" height=\"50\" \/><\/a><\/p>\n<p><a style=\"font-style: normal; font-weight: normal;\" href=\"http:\/\/deserteursdenkmal.at\/wordpress\/wp-content\/uploads\/2014\/06\/Anton-Tischler-Fallgeschichte-und-Dokumente2.pdf\">Fallgeschichte und Dokumente zu Anton Tischler (Wien), verurteilt wegen Fahnenflucht<\/a>\u00a0(PDF)<\/p>\n<p>&nbsp;<\/p>\n<p><img loading=\"lazy\" class=\" wp-image-3460 alignleft\" style=\"font-weight: 300;\" alt=\"Ernst Volkmann, um 1930. Quelle: Stadtarchiv Bregenz\" src=\"http:\/\/deserteursdenkmal.at\/wordpress\/wp-content\/uploads\/2014\/02\/1.-Ernst-Volkmann-150x150.jpg\" width=\"50\" height=\"50\" \/><\/p>\n<p><a style=\"font-style: normal; font-weight: normal;\" href=\"http:\/\/deserteursdenkmal.at\/wordpress\/wp-content\/uploads\/2014\/06\/Ernst-Volkmann-Fallgeschichte-und-Dokumente1.pdf\">Fallgeschichte und Dokumente zu Ernst Volkmann (Vorarlberg), verurteilt wegen Kriegsdienstverweigerung<\/a>\u00a0(PDF)<\/p>\n<p>&nbsp;<\/p>\n<p><img loading=\"lazy\" class=\" wp-image-3462 alignleft\" alt=\"Anton Brandhuber, 1942. Quelle: Schweizerisches Bundesarchiv, Bern\" src=\"http:\/\/deserteursdenkmal.at\/wordpress\/wp-content\/uploads\/2014\/02\/Brandhuber-150x150.png\" width=\"50\" height=\"50\" \/><\/p>\n<p><a style=\"font-style: normal; font-weight: normal;\" href=\"http:\/\/deserteursdenkmal.at\/wordpress\/wp-content\/uploads\/2014\/06\/Anton-Brandhuber-Fallgeschichte-und-Dokumente1.pdf\">Fallgeschichte und Dokumente zu Anton Brandhuber (Nieder\u00f6sterreich), verfolgt wegen Fahnenflucht<\/a>\u00a0(PDF)<\/p>\n<p>&nbsp;<\/p>\n<ul>\n<li><a style=\"font-style: normal; font-weight: normal;\" href=\"http:\/\/deserteursdenkmal.at\/wordpress\/wp-content\/uploads\/2014\/06\/Maria-Musial-Fallgeschichte-und-Dokumente1.pdf\">Fallgeschichte und Dokumente zu Maria Musial (Wien), verurteilt wegen Wehrkraftzersetzung<\/a>\u00a0(PDF)<\/li>\n<li><a style=\"font-style: normal; font-weight: normal;\" href=\"http:\/\/deserteursdenkmal.at\/wordpress\/wp-content\/uploads\/2014\/06\/Alois-Tiefengruber-Fallgeschichte-und-Dokumente1.pdf\">Fallgeschichte und Dokumente zu Alois Tiefengruber (Steiermark), verurteilt wegen Fahnenflucht<\/a>\u00a0(PDF)<\/li>\n<li><a style=\"font-style: normal; font-weight: normal;\" href=\"http:\/\/deserteursdenkmal.at\/wordpress\/wp-content\/uploads\/2014\/06\/Erich-Schiller-Fallgeschichte-und-Dokumente1.pdf\">Fallgeschichte und Dokumente zu Erich Schiller (Nieder\u00f6sterreich), verurteilt wegen Fahnenflucht<\/a>\u00a0(PDF)<\/li>\n<li><a style=\"font-style: normal; font-weight: normal;\" href=\"http:\/\/deserteursdenkmal.at\/wordpress\/wp-content\/uploads\/2014\/06\/Erwin-Kohout-Fallgeschichte-und-Dokumente1.pdf\">Fallgeschichte und Dokumente zu Erwin Kohout (Ober\u00f6sterreich), verurteilt wegen Fahnenflucht<\/a>\u00a0(PDF)<\/li>\n<li><a style=\"font-style: normal; font-weight: normal;\" href=\"http:\/\/deserteursdenkmal.at\/wordpress\/wp-content\/uploads\/2014\/06\/Franz-Severa-Fallgeschichte-und-Dokumente1.pdf\">Fallgeschichte und Dokumente zu Franz Severa (Wien), verurteilt wegen Fahnenflucht<\/a>\u00a0(PDF)<\/li>\n<li><a style=\"font-style: normal; font-weight: normal;\" href=\"http:\/\/deserteursdenkmal.at\/wordpress\/wp-content\/uploads\/2014\/06\/Johann-Kuso-Fallgeschichte-und-Dokumente1.pdf\">Fallgeschichte und Dokumente zu Johann Kuso (Burgenland), verurteilt wegen Fahnenflucht<\/a>\u00a0(PDF)<\/li>\n<li><a style=\"font-style: normal; font-weight: normal;\" href=\"http:\/\/deserteursdenkmal.at\/wordpress\/wp-content\/uploads\/2014\/06\/David-Holzer-Fallgeschichte-und-Dokumente.pdf\">Fallgeschichte und Dokumente zu David Holzer (Tirol), verurteilt wegen Fahnenflucht<\/a>\u00a0(PDF)<\/li>\n<\/ul>\n<p><img loading=\"lazy\" class=\"alignleft\" alt=\"anton_schmid-_id\" src=\"http:\/\/deserteursdenkmal.at\/wordpress\/wp-content\/uploads\/2014\/02\/Anton_Schmid-_id-150x150.jpg\" width=\"50\" height=\"50\" \/><a href=\"http:\/\/deserteursdenkmal.at\/wordpress\/wp-content\/uploads\/2014\/06\/Anton-Schmid-Fallgeschichte-und-Dokumente1.pdf\">Fallgeschichte und Dokumente zu Anton Schmid (Wien), verurteilt wegen Feindbeg\u00fcnstigung<\/a>\u00a0(PDF)<\/p>\n<p>&nbsp;<\/p>\n<p><img loading=\"lazy\" class=\"alignleft\" alt=\"Jurij und Franc Pasterk\" src=\"http:\/\/deserteursdenkmal.at\/wordpress\/wp-content\/uploads\/2014\/02\/pasterks-150x150.png\" width=\"50\" height=\"50\" \/><\/p>\n<p><a href=\"http:\/\/deserteursdenkmal.at\/wordpress\/wp-content\/uploads\/2014\/06\/Jurij-und-Frank-Pasterk-Fallgeschichte-und-Dokumente1.pdf\">Fallgeschichte und Dokumente zu Jurij und Frank Pasterk (K\u00e4rnten), verfolgt wegen (Beihilfe zur) Fahnenflucht<\/a>\u00a0(PDF)<\/p>\n<p>&nbsp;<\/p>\n<p style=\"text-align: left;\"><img loading=\"lazy\" class=\" wp-image-3457 alignleft\" alt=\"Johann Lukaschitz, undatiert: Gedenkst\u00e4tte ROTER OCHSE Halle (Saale)\" src=\"http:\/\/deserteursdenkmal.at\/wordpress\/wp-content\/uploads\/2014\/02\/1.-Johann-Lukaschitz_1-150x150.jpg\" width=\"50\" height=\"50\" \/><a style=\"font-style: normal; font-weight: normal;\" href=\"http:\/\/deserteursdenkmal.at\/wordpress\/wp-content\/uploads\/2014\/06\/Johann-Lukaschitz-Fallgeschichte-und-Dokumente1.pdf\">Fallgeschichte und Dokumente zu Johann Lukaschitz (Wien), verurteilt wegen Nichtanzeige von Kriegsverrat<\/a>\u00a0(PDF)<\/p>\n<p>&nbsp;<\/p>\n<p>&nbsp;<\/p>\n ","protected":false},"excerpt":{"rendered":"<p>Faltblatt &#8220;Das Denkmal f\u00fcr die Verfolgten der NS-Milit\u00e4rjustiz in Wien&#8221; auf Deutsch. Faltblatt &#8220;Das Denkmal f\u00fcr die Verfolgten der NS-Milit\u00e4rjustiz in Wien&#8221; auf English. Bezugsm\u00f6glichkeiten: Die in deutsch und englisch vorliegende Informationsbrosch\u00fcre zum Denkmal kann u.a. auch \u00fcber das Stadtinformationszentrum &hellip; <a href=\"https:\/\/deserteursdenkmal.at\/wordpress\/materialien\/\">Weiterlesen <span class=\"meta-nav\">&rarr;<\/span><\/a><\/p>\n","protected":false},"author":1,"featured_media":0,"parent":0,"menu_order":0,"comment_status":"closed","ping_status":"closed","template":"sidebar-page.php","meta":[],"categories":[],"tags":[],"_links":{"self":[{"href":"https:\/\/deserteursdenkmal.at\/wordpress\/wp-json\/wp\/v2\/pages\/4233"}],"collection":[{"href":"https:\/\/deserteursdenkmal.at\/wordpress\/wp-json\/wp\/v2\/pages"}],"about":[{"href":"https:\/\/deserteursdenkmal.at\/wordpress\/wp-json\/wp\/v2\/types\/page"}],"author":[{"embeddable":true,"href":"https:\/\/deserteursdenkmal.at\/wordpress\/wp-json\/wp\/v2\/users\/1"}],"replies":[{"embeddable":true,"href":"https:\/\/deserteursdenkmal.at\/wordpress\/wp-json\/wp\/v2\/comments?post=4233"}],"version-history":[{"count":48,"href":"https:\/\/deserteursdenkmal.at\/wordpress\/wp-json\/wp\/v2\/pages\/4233\/revisions"}],"predecessor-version":[{"id":4773,"href":"https:\/\/deserteursdenkmal.at\/wordpress\/wp-json\/wp\/v2\/pages\/4233\/revisions\/4773"}],"wp:attachment":[{"href":"https:\/\/deserteursdenkmal.at\/wordpress\/wp-json\/wp\/v2\/media?parent=4233"}],"wp:term":[{"taxonomy":"category","embeddable":true,"href":"https:\/\/deserteursdenkmal.at\/wordpress\/wp-json\/wp\/v2\/categories?post=4233"},{"taxonomy":"post_tag","embeddable":true,"href":"https:\/\/deserteursdenkmal.at\/wordpress\/wp-json\/wp\/v2\/tags?post=4233"}],"curies":[{"name":"wp","href":"https:\/\/api.w.org\/{rel}","templated":true}]}}