{"id":3179,"date":"2016-05-24T17:47:06","date_gmt":"2016-05-24T15:47:06","guid":{"rendered":"http:\/\/deserteursdenkmal.at\/wordpress\/?page_id=3179"},"modified":"2016-05-26T20:03:59","modified_gmt":"2016-05-26T18:03:59","slug":"gericht-loquaiplatz","status":"publish","type":"page","link":"https:\/\/deserteursdenkmal.at\/wordpress\/verfolgungsorte\/gericht-loquaiplatz\/","title":{"rendered":"Gericht Div. 177, Loquaiplatz"},"content":{"rendered":"<p><a href=\"http:\/\/deserteursdenkmal.at\/wordpress\/wp-content\/uploads\/2016\/05\/loquaiplatz_a.jpg\"><img loading=\"lazy\" style=\"border: 0px none; margin: 0px;\" title=\"Briefkopf Gericht der Division 177, Standort Loquaiplatz. Bildquellen: Dokumentationsarchiv des \u00f6sterreichischen Widerstands \/ www.doew.at\" alt=\"Briefkopf Gericht der Division 177, Standort Loquaiplatz. Bildquellen: Dokumentationsarchiv des \u00f6sterreichischen Widerstands \/ www.doew.at\" src=\"http:\/\/deserteursdenkmal.at\/wordpress\/wp-content\/uploads\/2016\/05\/loquaiplatz_a.jpg\" width=\"1000\" height=\"286\" \/><\/a><\/p>\n<div><span style=\"color: #b78847;\"><strong>Gericht der Division 177, Standort Loquaiplatz<\/strong><\/span><\/div>\n<p><strong>Im Geb\u00e4ude Loquaiplatz 9 befand sich ab 1939 bis zur Befreiung ein Gerichts der NS-Milit\u00e4rjustiz. Es war Teil eines Unrechtsregimes das Deserteure, Selbstverst\u00fcmmler, Saboteure, Wehrdienstverweigerer, usw. verfolgte.<\/strong><\/p>\n<p><strong>Geschichte vor 1938<\/strong><br \/>\nDie Geschichte des Geb\u00e4udes am Loquaiplatz 9 (mit Fronten zur K\u00f6nigsegggasse 10 bzw. Otto-Bauer-Gasse 7-9, damals: Kasernengasse 7-9) ist eng mit der ArbeiterInnen- und Gewerkschaftsbewegung verbunden. Deren Einrichtungen litten unter Platznot, weswegen f\u00fcr die Arbeiter-Krankenkasse das Geb\u00e4ude errichtet und 1904 bezogen wurde. Das Haus war w\u00e4hrend der Ersten Republik deshalb auch Angriffen ausgesetzt, etwa im September 1932 w\u00e4hrend des Wiener NSDAP-Gauparteitages.<br \/>\nDas Haus bezog 1934 &#8211; nach dem Verbot aller sozialdemokratischen und gewerkschaftlichen Organisationen &#8211; die austrofaschistische Einheitsgewerkschaft und eine Soldatenorganisation.<\/p>\n<p><strong>Nach dem \u201eAnschluss\u201c<\/strong><br \/>\nDirekt nach dem \u201eAnschluss\u201c \u00d6sterreichs \u00fcbernahm die Deutsche Arbeitsfront (DAF)\u00a0 das Geb\u00e4ude. Bald darauf meldete die Wehrmacht Verwendung an, welche zu diesem Zeitpunkt auf der Suche nach Gerichts- und Haftgeb\u00e4ude war. Noch 1939 \u00fcbersiedelten Teile des Gerichts der Division 177 aus der <a href=\"http:\/\/deserteursdenkmal.at\/wordpress\/verfolgungsorte\/gerichte-stubenring\">Zentrale am Stubenring<\/a> ins Geb\u00e4ude Loquaiplatz 9.<\/p>\n<div id=\"attachment_3185\" style=\"width: 310px\" class=\"wp-caption alignright\"><a href=\"http:\/\/deserteursdenkmal.at\/wordpress\/wp-content\/uploads\/2016\/05\/loquaiplatz_b.jpg\"><img aria-describedby=\"caption-attachment-3185\" loading=\"lazy\" class=\"size-medium wp-image-3185\" title=\"Verf\u00fcgung des Gerichts der Division 177, Standort Loquaiplatz 9 \u00fcber die Vorf\u00fchrung eines Verd\u00e4chtigen zur Hauptverhandlung (Quelle: D\u00d6W)\" alt=\"Verf\u00fcgung des Gerichts der Division 177, Standort Loquaiplatz 9 \u00fcber die Vorf\u00fchrung eines Verd\u00e4chtigen zur Hauptverhandlung (Quelle: D\u00d6W)\" src=\"http:\/\/deserteursdenkmal.at\/wordpress\/wp-content\/uploads\/2016\/05\/loquaiplatz_b-300x125.jpg\" width=\"300\" height=\"125\" srcset=\"https:\/\/deserteursdenkmal.at\/wordpress\/wp-content\/uploads\/2016\/05\/loquaiplatz_b-300x125.jpg 300w, https:\/\/deserteursdenkmal.at\/wordpress\/wp-content\/uploads\/2016\/05\/loquaiplatz_b-1024x427.jpg 1024w, https:\/\/deserteursdenkmal.at\/wordpress\/wp-content\/uploads\/2016\/05\/loquaiplatz_b-500x208.jpg 500w\" sizes=\"(max-width: 300px) 100vw, 300px\" \/><\/a><p id=\"caption-attachment-3185\" class=\"wp-caption-text\">Verf\u00fcgung des Gerichts der Division 177, Standort Loquaiplatz 9 \u00fcber die Vorf\u00fchrung eines Verd\u00e4chtigen zur Hauptverhandlung (Quelle: <a href=\"http:\/\/www.doew.at\">D\u00d6W<\/a>)<\/p><\/div>\n<p><strong>Nutzung durch die Wehrmachtsjustiz<\/strong><br \/>\nIm Geb\u00e4ude fanden Richter und ihre MitarbeiterInnen sowie <a href=\"http:\/\/deserteursdenkmal.at\/wordpress\/verfolgungsorte\/gerichtsherren\">Gerichtsherren<\/a> und ihre St\u00e4be Platz. Man n\u00fctzte dazu zwei Etagen (erster Stock und Hochparterre) als Gerichts- und B\u00fcror\u00e4umlichkeiten, die Etagen dar\u00fcber als Wohnungen. Zumindest 1944 diente der Standort am Loquaiplatz als \u201eHauptstelle\u201c der Division 177. Diese verf\u00fcgte zu diesem Zeitpunkt \u00fcber drei Standorte in Wien und eine in Brno\/Br\u00fcnn, elf bis 17 Richter sprachen an diesen Recht.<br \/>\nUnter den am Mariahilfer Standort t\u00e4tigen Milit\u00e4rrichtern war Karl Everts, Leopold Breitler und Erich Schwinge, ein zentraler Kommentator des NS-Milit\u00e4rstrafrechts und nach dem Krieg Apologet der Wehrmachtjustiz.<\/p>\n<div id=\"attachment_3186\" style=\"width: 310px\" class=\"wp-caption alignleft\"><a href=\"http:\/\/deserteursdenkmal.at\/wordpress\/wp-content\/uploads\/2016\/05\/loquaiplatz_c.jpg\"><img aria-describedby=\"caption-attachment-3186\" loading=\"lazy\" class=\"size-medium wp-image-3186\" title=\"Ansicht des Geb\u00e4udes heute (jedoch noch ohne Gedenktafel), Ecke Loquaiplatz und K\u00f6nigsegggasse (Bild: Alexander Wallner)\" alt=\"Ansicht des Geb\u00e4udes heute (jedoch noch ohne Gedenktafel), Ecke Loquaiplatz und K\u00f6nigsegggasse (Bild: Alexander Wallner)\" src=\"http:\/\/deserteursdenkmal.at\/wordpress\/wp-content\/uploads\/2016\/05\/loquaiplatz_c-300x248.jpg\" width=\"300\" height=\"248\" srcset=\"https:\/\/deserteursdenkmal.at\/wordpress\/wp-content\/uploads\/2016\/05\/loquaiplatz_c-300x248.jpg 300w, https:\/\/deserteursdenkmal.at\/wordpress\/wp-content\/uploads\/2016\/05\/loquaiplatz_c-1024x848.jpg 1024w, https:\/\/deserteursdenkmal.at\/wordpress\/wp-content\/uploads\/2016\/05\/loquaiplatz_c-361x300.jpg 361w, https:\/\/deserteursdenkmal.at\/wordpress\/wp-content\/uploads\/2016\/05\/loquaiplatz_c.jpg 2000w\" sizes=\"(max-width: 300px) 100vw, 300px\" \/><\/a><p id=\"caption-attachment-3186\" class=\"wp-caption-text\">Ansicht des Geb\u00e4udes heute (jedoch noch ohne Gedenktafel), Ecke Loquaiplatz und K\u00f6nigsegggasse (Bild: Alexander Wallner)<\/p><\/div>\n<p><strong> Urteilsbest\u00e4tigung durch Gerichtsherren<\/strong><br \/>\nDie der Milit\u00e4rgerichtsbarkeit zugrundeliegende Logik verlangte eine Best\u00e4tigung jedes Urteils durch den Gerichtsherren. Der Loquaiplatz war einer jener Dienstorte von Gerichtsherren, an denen die Urteile \u2013 von der Arreststrafe bis zum Todesurteil \u2013 wirksam und g\u00fcltig wurden. F\u00fcr die meisten Verfahren der Division 177 war dies Generalmajor Erich M\u00fcller-Derichsweiler.<\/p>\n<div id=\"attachment_3195\" style=\"width: 160px\" class=\"wp-caption alignright\"><a href=\"http:\/\/deserteursdenkmal.at\/wordpress\/wp-content\/uploads\/2016\/05\/loquaiplatz_d.jpg\"><img aria-describedby=\"caption-attachment-3195\" loading=\"lazy\" class=\"size-thumbnail wp-image-3195\" alt=\"Gedenktafel, Loquaiplatz (Quelle: privat)\" src=\"http:\/\/deserteursdenkmal.at\/wordpress\/wp-content\/uploads\/2016\/05\/loquaiplatz_d-150x150.jpg\" width=\"150\" height=\"150\" \/><\/a><p id=\"caption-attachment-3195\" class=\"wp-caption-text\">Gedenktafel, Loquaiplatz (Quelle: privat)<\/p><\/div>\n<p><strong>Nach 1945<\/strong><br \/>\n\u00dcber die Befreiung des Gerichtsgeb\u00e4udes ist nichts bekannt. 1948 wurde das Geb\u00e4ude an den \u00d6GB restituiert, 1961 erwarb es die Stadt Wien. Heute beherbergt es neben zahlreichen Wohnung etwa auch die SP\u00d6-Mariahilf und ein st\u00e4dtisches Haus der Begegnung. Seit 2013 weist eine Erinnerungsstafel des Bezirks auf die Geschichte und Funktion des Geb\u00e4udes hin.<\/p>\n<p><strong>Fallbeispiel:<\/strong><br \/>\nJohann Wimmer wurde vom Gericht am Loquaiplatz 9 im Jahr 1943 wegen Fahnenflucht als 20j\u00e4hriger zum Tode verurteilt. Zwei Personen, die Wimmer halfen, ihn versteckten und mit Essen versorgten, wurden zu Haftstrafen verurteilt.<br \/>\n&#8211; <strong><a href=\"http:\/\/www.doew.at\/erinnern\/fotos-und-dokumente\/1938-1945\/aufrechterhaltung-der-manneszucht\/johann-wimmer-1923-1944\">Link zur Biografie von Johann Wimmer (D\u00d6W)<\/a><\/strong><br \/>\n&#8211; <strong> <a href=\"http:\/\/www.doew.at\/cms\/download\/g25v\/6063_wimmer_johann.pdf\">Link zum Urteil gegen Johann Wimmer (samt Adressangabe Loquaiplatz 9)<\/a><\/strong><\/p>\n ","protected":false},"excerpt":{"rendered":"<p>Gericht der Division 177, Standort Loquaiplatz Im Geb\u00e4ude Loquaiplatz 9 befand sich ab 1939 bis zur Befreiung ein Gerichts der NS-Milit\u00e4rjustiz. Es war Teil eines Unrechtsregimes das Deserteure, Selbstverst\u00fcmmler, Saboteure, Wehrdienstverweigerer, usw. verfolgte. Geschichte vor 1938 Die Geschichte des Geb\u00e4udes &hellip; <a href=\"https:\/\/deserteursdenkmal.at\/wordpress\/verfolgungsorte\/gericht-loquaiplatz\/\">Weiterlesen <span class=\"meta-nav\">&rarr;<\/span><\/a><\/p>\n","protected":false},"author":3,"featured_media":0,"parent":2771,"menu_order":0,"comment_status":"closed","ping_status":"closed","template":"showcase.php","meta":[],"categories":[32],"tags":[124,139,149,111,15],"_links":{"self":[{"href":"https:\/\/deserteursdenkmal.at\/wordpress\/wp-json\/wp\/v2\/pages\/3179"}],"collection":[{"href":"https:\/\/deserteursdenkmal.at\/wordpress\/wp-json\/wp\/v2\/pages"}],"about":[{"href":"https:\/\/deserteursdenkmal.at\/wordpress\/wp-json\/wp\/v2\/types\/page"}],"author":[{"embeddable":true,"href":"https:\/\/deserteursdenkmal.at\/wordpress\/wp-json\/wp\/v2\/users\/3"}],"replies":[{"embeddable":true,"href":"https:\/\/deserteursdenkmal.at\/wordpress\/wp-json\/wp\/v2\/comments?post=3179"}],"version-history":[{"count":9,"href":"https:\/\/deserteursdenkmal.at\/wordpress\/wp-json\/wp\/v2\/pages\/3179\/revisions"}],"predecessor-version":[{"id":3197,"href":"https:\/\/deserteursdenkmal.at\/wordpress\/wp-json\/wp\/v2\/pages\/3179\/revisions\/3197"}],"up":[{"embeddable":true,"href":"https:\/\/deserteursdenkmal.at\/wordpress\/wp-json\/wp\/v2\/pages\/2771"}],"wp:attachment":[{"href":"https:\/\/deserteursdenkmal.at\/wordpress\/wp-json\/wp\/v2\/media?parent=3179"}],"wp:term":[{"taxonomy":"category","embeddable":true,"href":"https:\/\/deserteursdenkmal.at\/wordpress\/wp-json\/wp\/v2\/categories?post=3179"},{"taxonomy":"post_tag","embeddable":true,"href":"https:\/\/deserteursdenkmal.at\/wordpress\/wp-json\/wp\/v2\/tags?post=3179"}],"curies":[{"name":"wp","href":"https:\/\/api.w.org\/{rel}","templated":true}]}}